{"id":59469,"date":"2018-02-15T11:02:47","date_gmt":"2018-02-15T11:02:47","guid":{"rendered":"http:\/\/www.eft.ba\/web\/?page_id=59469"},"modified":"2018-04-17T08:32:09","modified_gmt":"2018-04-17T08:32:09","slug":"vijesti-3","status":"publish","type":"page","link":"https:\/\/www.eft.ba\/web\/vijesti-3\/","title":{"rendered":"Vijesti"},"content":{"rendered":"<div class=\"wpb-content-wrapper\"><p>[vc_row][vc_column][vc_column_text]    <div data-options='{&quot;id&quot;:&quot;61602&quot;,&quot;lazy_load&quot;:&quot;no&quot;,&quot;masonry_enable&quot;:&quot;no&quot;,&quot;view_type&quot;:&quot;grid&quot;}' id=\"post-grid-61602\" class=\"post-grid grid\">\n        <div class=\"grid-items\">\n      <div class=\"item item-59306 skin flat even 0 \">\n        <div class=\"layer-wrapper layout-\">\n        <div class=\"layer-media\"><a href=\"https:\/\/www.eft.ba\/web\/2018\/02\/07\/projekat-teacher-drugi-dan-studijske-posjete-slovackoj\/\"><img alt=\"\" src=\"https:\/\/www.eft.ba\/web\/wp-content\/uploads\/2018\/02\/20180207_103002-2-300x169.jpg\" \/><\/a><\/div>\n  <div class=\"layer-content\">\n        <div class=\"element element_0  title \">\n                    <a target=\"\"\n                href=\"https:\/\/www.eft.ba\/web\/2018\/02\/07\/projekat-teacher-drugi-dan-studijske-posjete-slovackoj\/\">Projekat TEACHER - Drugi dan studijske posjete Slova\u010dkoj<\/a>\n            <\/div>\n    <div class=\"element element_1  excerpt \">\n        07.02.2018. (Slova\u010dka - drugi dan) Drugi dan studijske posjete partnerima iz Slova\u010dke podrazumijevao je posjetu vrti\u0107ima u Banskoj Bistrici. Posjeti            <\/div>\n            <a class=\"element element_2  read_more \"\n            target=\"\"\n            href=\"https:\/\/www.eft.ba\/web\/2018\/02\/07\/projekat-teacher-drugi-dan-studijske-posjete-slovackoj\/\"><\/a>\n      <\/div>\n    <\/div>\n  <\/div><div class=\"item item-69101 skin flat odd 1 \">\n        <div class=\"layer-wrapper layout-\">\n        <div class=\"layer-media\"><a href=\"https:\/\/www.eft.ba\/web\/2026\/04\/29\/neradni-dani-povodom-prvog-maja-cestitamo-praznik-rada-2\/\"><img alt=\"\" src=\"https:\/\/www.eft.ba\/web\/wp-content\/uploads\/2023\/05\/IMG-b69a9017a70429955f9ac48320448303-V-300x300.jpg\" \/><\/a><\/div>\n  <div class=\"layer-content\">\n        <div class=\"element element_0  title \">\n                    <a target=\"\"\n                href=\"https:\/\/www.eft.ba\/web\/2026\/04\/29\/neradni-dani-povodom-prvog-maja-cestitamo-praznik-rada-2\/\">Neradni dani povodom Prvog maja \u2013 \u010destitamo Praznik rada!<\/a>\n            <\/div>\n    <div class=\"element element_1  excerpt \">\n        Po\u0161tovane studentice i studenti, obavje\u0161tavamo vas da Edukacijski fakultet ne\u0107e raditi u periodu od 30. aprila do 3. maja 2026.            <\/div>\n            <a class=\"element element_2  read_more \"\n            target=\"\"\n            href=\"https:\/\/www.eft.ba\/web\/2026\/04\/29\/neradni-dani-povodom-prvog-maja-cestitamo-praznik-rada-2\/\"><\/a>\n      <\/div>\n    <\/div>\n  <\/div><div class=\"item item-69095 skin flat even 2 \">\n        <div class=\"layer-wrapper layout-\">\n        <div class=\"layer-media\"><a href=\"https:\/\/www.eft.ba\/web\/2026\/04\/11\/sretan-vaskrs-8\/\"><img alt=\"\" src=\"https:\/\/www.eft.ba\/web\/wp-content\/uploads\/2026\/04\/IMG-5d4e3b6a6afce7dcc228d15fcf3b60dc-V-300x201.jpg\" \/><\/a><\/div>\n  <div class=\"layer-content\">\n        <div class=\"element element_0  title \">\n                    <a target=\"\"\n                href=\"https:\/\/www.eft.ba\/web\/2026\/04\/11\/sretan-vaskrs-8\/\">Sretan Vaskrs!<\/a>\n            <\/div>\n    <div class=\"element element_1  excerpt \">\n        Svim studentima i uposlenicima pravoslavne vjeroispovijesti \u017eelimo sretan Vaskrs i ugodne prazni\u010dne dane!            <\/div>\n            <a class=\"element element_2  read_more \"\n            target=\"\"\n            href=\"https:\/\/www.eft.ba\/web\/2026\/04\/11\/sretan-vaskrs-8\/\"><\/a>\n      <\/div>\n    <\/div>\n  <\/div><div class=\"item item-69090 skin flat odd 3 \">\n        <div class=\"layer-wrapper layout-\">\n        <div class=\"layer-media\"><a href=\"https:\/\/www.eft.ba\/web\/2026\/04\/04\/sretan-uskrs-10\/\"><img alt=\"\" src=\"https:\/\/www.eft.ba\/web\/wp-content\/uploads\/2024\/03\/IMG_2882-300x300.jpeg\" \/><\/a><\/div>\n  <div class=\"layer-content\">\n        <div class=\"element element_0  title \">\n                    <a target=\"\"\n                href=\"https:\/\/www.eft.ba\/web\/2026\/04\/04\/sretan-uskrs-10\/\">Sretan Uskrs!<\/a>\n            <\/div>\n    <div class=\"element element_1  excerpt \">\n        Povodom nastupaju\u0107eg katoli\u010dkog blagdana Uskrsa, svim studentima i uposlenicima katoli\u010dke vjeroispovijesti upu\u0107ujemo iskrene \u010destitke.            <\/div>\n            <a class=\"element element_2  read_more \"\n            target=\"\"\n            href=\"https:\/\/www.eft.ba\/web\/2026\/04\/04\/sretan-uskrs-10\/\"><\/a>\n      <\/div>\n    <\/div>\n  <\/div><div class=\"item item-69075 skin flat even 4 \">\n        <div class=\"layer-wrapper layout-\">\n        <div class=\"layer-media\"><a href=\"https:\/\/www.eft.ba\/web\/2026\/03\/19\/bajram-serif-mubarek-olsun-8\/\"><img alt=\"\" src=\"https:\/\/www.eft.ba\/web\/wp-content\/uploads\/2026\/03\/viber_slika_2026-03-19_08-42-11-861-300x300.jpg\" \/><\/a><\/div>\n  <div class=\"layer-content\">\n        <div class=\"element element_0  title \">\n                    <a target=\"\"\n                href=\"https:\/\/www.eft.ba\/web\/2026\/03\/19\/bajram-serif-mubarek-olsun-8\/\">Bajram \u0160erif Mubarek Olsun<\/a>\n            <\/div>\n    <div class=\"element element_1  excerpt \">\n                    <\/div>\n            <a class=\"element element_2  read_more \"\n            target=\"\"\n            href=\"https:\/\/www.eft.ba\/web\/2026\/03\/19\/bajram-serif-mubarek-olsun-8\/\"><\/a>\n      <\/div>\n    <\/div>\n  <\/div><div class=\"item item-69072 skin flat odd 5 \">\n        <div class=\"layer-wrapper layout-\">\n        <div class=\"layer-media\"><a class=\"custom\" href=\"https:\/\/www.eft.ba\/web\/2026\/03\/19\/obavjestenje-o-neradnim-danima-povodom-ramazanskog-bajrama\/\"><img src=\"https:\/\/www.eft.ba\/web\/wp-content\/plugins\/post-grid\/assets\/images\/placeholder.png\" \/><\/a><\/div>\n  <div class=\"layer-content\">\n        <div class=\"element element_0  title \">\n                    <a target=\"\"\n                href=\"https:\/\/www.eft.ba\/web\/2026\/03\/19\/obavjestenje-o-neradnim-danima-povodom-ramazanskog-bajrama\/\">Obavje\u0161tenje o neradnim danima povodom Ramazanskog bajrama<\/a>\n            <\/div>\n    <div class=\"element element_1  excerpt \">\n        Obavje\u0161tavamo studente da su zbog nastupaju\u0107eg Ramazanskog bajrama, neradni dani od 20.03. do 22.03.2026. godine. Redovne radne aktivnosti fakulteta nastavljaju            <\/div>\n            <a class=\"element element_2  read_more \"\n            target=\"\"\n            href=\"https:\/\/www.eft.ba\/web\/2026\/03\/19\/obavjestenje-o-neradnim-danima-povodom-ramazanskog-bajrama\/\"><\/a>\n      <\/div>\n    <\/div>\n  <\/div><div class=\"item item-69070 skin flat even 6 \">\n        <div class=\"layer-wrapper layout-\">\n        <div class=\"layer-media\"><a class=\"custom\" href=\"https:\/\/www.eft.ba\/web\/2026\/03\/04\/pedagoska-grupa-predmeta-upis-u-toku-11\/\"><img src=\"https:\/\/www.eft.ba\/web\/wp-content\/plugins\/post-grid\/assets\/images\/placeholder.png\" \/><\/a><\/div>\n  <div class=\"layer-content\">\n        <div class=\"element element_0  title \">\n                    <a target=\"\"\n                href=\"https:\/\/www.eft.ba\/web\/2026\/03\/04\/pedagoska-grupa-predmeta-upis-u-toku-11\/\">Pedago\u0161ka grupa predmeta \u2013 UPIS U TOKU!<\/a>\n            <\/div>\n    <div class=\"element element_1  excerpt \">\n        Obavje\u0161tavamo sve zainteresirane kandidate da je upis na instruktivnu nastavu iz Pedago\u0161ko-psiholo\u0161ko-didakti\u010dko-metodi\u010dke grupe predmeta u toku i traje do 03.04.2026.            <\/div>\n            <a class=\"element element_2  read_more \"\n            target=\"\"\n            href=\"https:\/\/www.eft.ba\/web\/2026\/03\/04\/pedagoska-grupa-predmeta-upis-u-toku-11\/\"><\/a>\n      <\/div>\n    <\/div>\n  <\/div><div class=\"item item-69066 skin flat odd 7 \">\n        <div class=\"layer-wrapper layout-\">\n        <div class=\"layer-media\"><a href=\"https:\/\/www.eft.ba\/web\/2026\/03\/01\/svim-gradjanima-zelimo-sretan-1-mart-dan-nezavisnosti-bosne-i-hercegovine\/\"><img alt=\"\" src=\"https:\/\/www.eft.ba\/web\/wp-content\/uploads\/2023\/03\/IMG-2445126aca44157d01a9a5d0fc0f8901-V-300x251.jpg\" \/><\/a><\/div>\n  <div class=\"layer-content\">\n        <div class=\"element element_0  title \">\n                    <a target=\"\"\n                href=\"https:\/\/www.eft.ba\/web\/2026\/03\/01\/svim-gradjanima-zelimo-sretan-1-mart-dan-nezavisnosti-bosne-i-hercegovine\/\">Svim gra\u0111anima \u017eelimo sretan 1.mart Dan nezavisnosti Bosne i Hercegovine<\/a>\n            <\/div>\n    <div class=\"element element_1  excerpt \">\n        Nedjelju, 01.03.2026. obilje\u017eavamo kao dr\u017eavni praznik, DAN NEZAVISNOSTI BOSNE I HERCEGOVINE, s tim u vezi neradni dani su od 28.02.2026.-02.03.2026.            <\/div>\n            <a class=\"element element_2  read_more \"\n            target=\"\"\n            href=\"https:\/\/www.eft.ba\/web\/2026\/03\/01\/svim-gradjanima-zelimo-sretan-1-mart-dan-nezavisnosti-bosne-i-hercegovine\/\"><\/a>\n      <\/div>\n    <\/div>\n  <\/div><div class=\"item item-69062 skin flat even 8 \">\n        <div class=\"layer-wrapper layout-\">\n        <div class=\"layer-media\"><a href=\"https:\/\/www.eft.ba\/web\/2026\/01\/07\/sretan-bozic-14\/\"><img alt=\"\" src=\"https:\/\/www.eft.ba\/web\/wp-content\/uploads\/2026\/01\/612822809_1287138436767012_2226048691573585772_n-200x300.jpg\" \/><\/a><\/div>\n  <div class=\"layer-content\">\n        <div class=\"element element_0  title \">\n                    <a target=\"\"\n                href=\"https:\/\/www.eft.ba\/web\/2026\/01\/07\/sretan-bozic-14\/\">Sretan Bo\u017ei\u0107!<\/a>\n            <\/div>\n    <div class=\"element element_1  excerpt \">\n        Na\u0161im studentima, zaposlenicima, \u010dlanovima akademske zajednice, saradnicima i prijateljima Fakulteta, koji slave pravoslavni Bo\u017ei\u0107, upu\u0107ujemo najljep\u0161e \u010destitke uz \u017eelje da            <\/div>\n            <a class=\"element element_2  read_more \"\n            target=\"\"\n            href=\"https:\/\/www.eft.ba\/web\/2026\/01\/07\/sretan-bozic-14\/\"><\/a>\n      <\/div>\n    <\/div>\n  <\/div><div class=\"item item-69059 skin flat odd 9 \">\n        <div class=\"layer-wrapper layout-\">\n        <div class=\"layer-media\"><a href=\"https:\/\/www.eft.ba\/web\/2026\/01\/01\/sretna-nova-2026-godina\/\"><img alt=\"\" src=\"https:\/\/www.eft.ba\/web\/wp-content\/uploads\/2026\/01\/607650078_1282806460533543_4648711811752106523_n-300x300.jpg\" \/><\/a><\/div>\n  <div class=\"layer-content\">\n        <div class=\"element element_0  title \">\n                    <a target=\"\"\n                href=\"https:\/\/www.eft.ba\/web\/2026\/01\/01\/sretna-nova-2026-godina\/\">Sretna Nova 2026. godina!<\/a>\n            <\/div>\n    <div class=\"element element_1  excerpt \">\n        Dragi na\u0161i studenti, zaposlenici, saradnici, partneri i prijatelji, hvala vam \u0161to ste bili s nama u 2025. godini i dijelili            <\/div>\n            <a class=\"element element_2  read_more \"\n            target=\"\"\n            href=\"https:\/\/www.eft.ba\/web\/2026\/01\/01\/sretna-nova-2026-godina\/\"><\/a>\n      <\/div>\n    <\/div>\n  <\/div><div class=\"item item-69055 skin flat even 10 \">\n        <div class=\"layer-wrapper layout-\">\n        <div class=\"layer-media\"><a href=\"https:\/\/www.eft.ba\/web\/2025\/12\/24\/sretan-bozic-13\/\"><img alt=\"\" src=\"https:\/\/www.eft.ba\/web\/wp-content\/uploads\/2022\/12\/IMG-93089c6dfae8a40ae6ec7d213299e7ae-V-300x251.jpg\" \/><\/a><\/div>\n  <div class=\"layer-content\">\n        <div class=\"element element_0  title \">\n                    <a target=\"\"\n                href=\"https:\/\/www.eft.ba\/web\/2025\/12\/24\/sretan-bozic-13\/\">Sretan Bo\u017ei\u0107!<\/a>\n            <\/div>\n    <div class=\"element element_1  excerpt \">\n        Svim pripadnicima katoli\u010dke vjeroispovijesti \u017eelimo sretan Bo\u017ei\u0107! \u2764\ufe0f            <\/div>\n            <a class=\"element element_2  read_more \"\n            target=\"\"\n            href=\"https:\/\/www.eft.ba\/web\/2025\/12\/24\/sretan-bozic-13\/\"><\/a>\n      <\/div>\n    <\/div>\n  <\/div><div class=\"item item-69053 skin flat odd 11 \">\n        <div class=\"layer-wrapper layout-\">\n        <div class=\"layer-media\"><a class=\"custom\" href=\"https:\/\/www.eft.ba\/web\/2025\/12\/24\/%f0%9f%8e%84-obavijest-o-neradnim-danima\/\"><img src=\"https:\/\/www.eft.ba\/web\/wp-content\/plugins\/post-grid\/assets\/images\/placeholder.png\" \/><\/a><\/div>\n  <div class=\"layer-content\">\n        <div class=\"element element_0  title \">\n                    <a target=\"\"\n                href=\"https:\/\/www.eft.ba\/web\/2025\/12\/24\/%f0%9f%8e%84-obavijest-o-neradnim-danima\/\">\ud83c\udf84 OBAVIJEST O NERADNIM DANIMA<\/a>\n            <\/div>\n    <div class=\"element element_1  excerpt \">\n        \ud83d\udccc Obavje\u0161tavamo studente da Edukacijski fakultet ne\u0107e raditi u \u010detvrtak, 25.12.2025. godine, zbog obilje\u017eavanja praznika Bo\u017ei\u0107a. \u27a1\ufe0f Redovne radne aktivnosti            <\/div>\n            <a class=\"element element_2  read_more \"\n            target=\"\"\n            href=\"https:\/\/www.eft.ba\/web\/2025\/12\/24\/%f0%9f%8e%84-obavijest-o-neradnim-danima\/\"><\/a>\n      <\/div>\n    <\/div>\n  <\/div><div class=\"item item-69048 skin flat even 12 \">\n        <div class=\"layer-wrapper layout-\">\n        <div class=\"layer-media\"><a class=\"custom\" href=\"https:\/\/www.eft.ba\/web\/2025\/12\/05\/pedagoska-grupa-predmeta-upis-u-toku-10\/\"><img src=\"https:\/\/www.eft.ba\/web\/wp-content\/plugins\/post-grid\/assets\/images\/placeholder.png\" \/><\/a><\/div>\n  <div class=\"layer-content\">\n        <div class=\"element element_0  title \">\n                    <a target=\"\"\n                href=\"https:\/\/www.eft.ba\/web\/2025\/12\/05\/pedagoska-grupa-predmeta-upis-u-toku-10\/\">Pedago\u0161ka grupa predmeta \u2013 UPIS U TOKU!<\/a>\n            <\/div>\n    <div class=\"element element_1  excerpt \">\n        Obavje\u0161tavamo sve zainteresirane kandidate da je upis na instruktivnu nastavu iz Pedago\u0161ko-psiholo\u0161ko-didakti\u010dko-metodi\u010dke grupe predmeta u toku i traje do 15.01.2026.            <\/div>\n            <a class=\"element element_2  read_more \"\n            target=\"\"\n            href=\"https:\/\/www.eft.ba\/web\/2025\/12\/05\/pedagoska-grupa-predmeta-upis-u-toku-10\/\"><\/a>\n      <\/div>\n    <\/div>\n  <\/div>    <\/div>\n    <div class=\"pagination\">\n      <div class=\"paginate\">\n    <span aria-current=\"page\" class=\"page-numbers current\">1<\/span>\n<a class=\"page-numbers\" href=\"https:\/\/www.eft.ba\/web\/wp-json\/wp\/v2\/pages\/59469\/page\/2\/\">2<\/a>\n<a class=\"page-numbers\" href=\"https:\/\/www.eft.ba\/web\/wp-json\/wp\/v2\/pages\/59469\/page\/3\/\">3<\/a>\n<span class=\"page-numbers dots\">&hellip;<\/span>\n<a class=\"page-numbers\" href=\"https:\/\/www.eft.ba\/web\/wp-json\/wp\/v2\/pages\/59469\/page\/160\/\">160<\/a>\n<a class=\"next page-numbers\" href=\"https:\/\/www.eft.ba\/web\/wp-json\/wp\/v2\/pages\/59469\/page\/2\/\">Next \u00bb<\/a>  <\/div>\n  <style type=\"text\/css\">\n    #post-grid-61602 .pagination .page-numbers {\n      font-size: 17px;\n      color: #646464;\n      background: #646464;\n    }\n\n    #post-grid-61602 .pagination .page-numbers:hover,\n    #post-grid-61602 .pagination .page-numbers.current {\n      background: #4b4b4b;\n    }\n  <\/style>\n  <\/div>\n      <style type=\"text\/css\">\n      \/*Write your CSS code here*\/    <\/style>\n      <script>\n          \/*Write your js code here*\/          <\/script>\n    <style type=\"text\/css\">\n    #post-grid-61602 .element_0 {\n      display: block;font-size: 21px;line-height: normal;padding: 5px 10px;text-align: left;    }\n\n    #post-grid-61602 .element_1 {\n      display: block;font-size: 12px;padding: 5px 10px;text-align: left;    }\n\n    #post-grid-61602 .element_2 {\n      display: block;font-size: 12px;font-weight: bold;padding: 0 10px;text-align: left;    }\n\n    #post-grid-61602 .element_0:hover{}#post-grid-61602 .element_1:hover{}#post-grid-61602 .element_2:hover{}  <\/style>\n  <style type=\"text\/css\">\n    #post-grid-61602 {\n      padding: 10px;\n      background-color: #fff;\n          }\n\n    #post-grid-61602 .item {\n      background: #fff;\n          }\n\n    #post-grid-61602 .item .layer-media {\n      height:200px;    }\n\n    @media only screen and (min-width: 0px) and (max-width: 767px) {\n      #post-grid-61602 .grid-items {\n        text-align: center;\n              }\n\n      #post-grid-61602 .item {\n        width: 90%;\n        margin: 10px;\n        display: inline-block;\n        vertical-align: top;\n        height:420px;      }\n    }\n\n    @media only screen and (min-width: 768px) and (max-width: 1023px) {\n      #post-grid-61602 .grid-items {\n        text-align: center;\n              }\n\n      #post-grid-61602 .item {\n        width: 280px;\n        margin: 10px;\n        display: inline-block;\n        vertical-align: top;\n        max-height:auto;      }\n    }\n\n    @media only screen and (min-width: 1024px) {\n      #post-grid-61602 .grid-items {\n        text-align: center;\n              }\n\n      #post-grid-61602 .item {\n        width: 320px;\n        display: inline-block;\n        margin: 10px;\n        vertical-align: top;\n        height:420px;      }\n    }\n\n      <\/style>\n  <\/div>\n[\/vc_column_text][\/vc_column][\/vc_row]<\/p>\n<\/div>","protected":false},"excerpt":{"rendered":"<p>[vc_row][vc_column][vc_column_text][\/vc_column_text][\/vc_column][\/vc_row]<\/p>\n","protected":false},"author":1,"featured_media":0,"parent":0,"menu_order":0,"comment_status":"closed","ping_status":"closed","template":"","meta":{"ngg_post_thumbnail":0},"_links":{"self":[{"href":"https:\/\/www.eft.ba\/web\/wp-json\/wp\/v2\/pages\/59469"}],"collection":[{"href":"https:\/\/www.eft.ba\/web\/wp-json\/wp\/v2\/pages"}],"about":[{"href":"https:\/\/www.eft.ba\/web\/wp-json\/wp\/v2\/types\/page"}],"author":[{"embeddable":true,"href":"https:\/\/www.eft.ba\/web\/wp-json\/wp\/v2\/users\/1"}],"replies":[{"embeddable":true,"href":"https:\/\/www.eft.ba\/web\/wp-json\/wp\/v2\/comments?post=59469"}],"version-history":[{"count":16,"href":"https:\/\/www.eft.ba\/web\/wp-json\/wp\/v2\/pages\/59469\/revisions"}],"predecessor-version":[{"id":61596,"href":"https:\/\/www.eft.ba\/web\/wp-json\/wp\/v2\/pages\/59469\/revisions\/61596"}],"wp:attachment":[{"href":"https:\/\/www.eft.ba\/web\/wp-json\/wp\/v2\/media?parent=59469"}],"curies":[{"name":"wp","href":"https:\/\/api.w.org\/{rel}","templated":true}]}}